{"id":2,"date":"2021-03-02T13:49:08","date_gmt":"2021-03-02T13:49:08","guid":{"rendered":"http:\/\/scharrelerdamm.de\/?page_id=2"},"modified":"2022-09-02T10:43:58","modified_gmt":"2022-09-02T10:43:58","slug":"sample-page","status":"publish","type":"page","link":"https:\/\/scharrelerdamm.de\/?page_id=2","title":{"rendered":"Impressum"},"content":{"rendered":"\n<h2 class=\"wp-block-heading\">Angaben gem\u00e4\u00df \u00a7 5 TMG:<\/h2>\n\n\n\n<p>Jugendbildungs- und Erholungswerk Weser-Ems e.V.<br>c\/o SJD-Die Falken Bezirksverband Weser-Ems<br>Donnerschweer Str. 240<br>26123 Oldenburg<br>Telefon: 0441 \/ 381134<br>Telefax: 0441 \/ 381154<br>E-Mail: <a href=\"mailto:info@scharrelerdamm.de\">info@scharrelerdamm.de<\/a><\/p>\n\n\n\n<h2 class=\"wp-block-heading\">Verantwortlich f\u00fcr den Inhalt nach \u00a7 18 Abs. 2 MStV:<\/h2>\n\n\n\n<p>Maren Meine<br>c\/o SJD-Die Falken Bezirksverband Weser-Ems<br>Donnerschweer Str. 240<br>26123 Oldenburg<\/p>\n\n\n\n<p>Alle Texte, Fotos und sonstige Gestaltungselemente dieses Internetangebots sind f\u00fcr den Herausgeber urheberrechtlich gesch\u00fctzt, sofern nicht ein:e andere:r Urheber:in oder ein:e andere:r Urheberrechtsinhaber:in angegeben ist. Jede Nutzung dieser Inhalte darf nur mit schriftlicher Zustimmung des Herausgebers erfolgen. Soweit als Urheber:in oder Urheberrechtsinhaber:in ein Dritter angegeben ist, sind keine Nutzungsrechte f\u00fcr eine \u00dcbernahme dieser Inhalte f\u00fcr andere Nutzungen erteilt worden.<\/p>\n\n\n\n<p>Wir halten auf unseren Internetseiten Links zu anderen Web-Seiten vor bzw. binden entsprechende Inhalte ein. Da wir keinen Einfluss auf die Gestaltung sowie die Inhalte dieser Seiten haben, \u00fcbernehmen wir f\u00fcr diese auch keine Haftung.<\/p>\n\n\n\n<p>Die Datenschutzhinweise, die erl\u00e4utern, wie wir mit Ihren pers\u00f6nlichen Daten umgehen, haben wir auf einer separaten Seite zusammengestellt: <a href=\"https:\/\/scharrelerdamm.de\/privacy-policy\">Datenschutz<\/a>.<\/p>\n","protected":false},"excerpt":{"rendered":"<p>Angaben gem\u00e4\u00df \u00a7 5 TMG: Jugendbildungs- und Erholungswerk Weser-Ems e.V.c\/o SJD-Die Falken Bezirksverband Weser-EmsDonnerschweer Str. 24026123 OldenburgTelefon: 0441 \/ 381134Telefax: 0441 \/ 381154E-Mail: info@scharrelerdamm.de Verantwortlich f\u00fcr den Inhalt nach \u00a7 18 Abs. 2 MStV: Maren Meinec\/o SJD-Die Falken&#8230; <a class=\"read-more\" href=\"https:\/\/scharrelerdamm.de\/?page_id=2\">Mehr erfahren<\/a><\/p>\n","protected":false},"author":1,"featured_media":0,"parent":0,"menu_order":0,"comment_status":"closed","ping_status":"open","template":"","meta":{"footnotes":""},"class_list":["post-2","page","type-page","status-publish","hentry","no-comments"],"_links":{"self":[{"href":"https:\/\/scharrelerdamm.de\/index.php?rest_route=\/wp\/v2\/pages\/2","targetHints":{"allow":["GET"]}}],"collection":[{"href":"https:\/\/scharrelerdamm.de\/index.php?rest_route=\/wp\/v2\/pages"}],"about":[{"href":"https:\/\/scharrelerdamm.de\/index.php?rest_route=\/wp\/v2\/types\/page"}],"author":[{"embeddable":true,"href":"https:\/\/scharrelerdamm.de\/index.php?rest_route=\/wp\/v2\/users\/1"}],"replies":[{"embeddable":true,"href":"https:\/\/scharrelerdamm.de\/index.php?rest_route=%2Fwp%2Fv2%2Fcomments&post=2"}],"version-history":[{"count":5,"href":"https:\/\/scharrelerdamm.de\/index.php?rest_route=\/wp\/v2\/pages\/2\/revisions"}],"predecessor-version":[{"id":70,"href":"https:\/\/scharrelerdamm.de\/index.php?rest_route=\/wp\/v2\/pages\/2\/revisions\/70"}],"wp:attachment":[{"href":"https:\/\/scharrelerdamm.de\/index.php?rest_route=%2Fwp%2Fv2%2Fmedia&parent=2"}],"curies":[{"name":"wp","href":"https:\/\/api.w.org\/{rel}","templated":true}]}}